{"id":1795,"date":"2025-10-09T19:12:57","date_gmt":"2025-10-09T19:12:57","guid":{"rendered":"https:\/\/www.eecom.org\/?post_type=event_listing&#038;p=1795"},"modified":"2025-11-21T21:12:02","modified_gmt":"2025-11-21T21:12:02","slug":"conference-de-leecom-2023","status":"publish","type":"event_listing","link":"https:\/\/www.eecom.org\/index.php\/event\/conference-de-leecom-2023\/","title":{"rendered":"Conf\u00e9rence de l\u2019EECOM 2023"},"content":{"rendered":"\n<p><strong>Merci \u00e0 toutes les personnes qui ont contribu\u00e9 au succ\u00e8s de l\u2019\u00e9dition 2023 de la conf\u00e9rence de l\u2019EECOM!<\/strong><\/p>\n\n\n\n<p>15-17 f\u00e9vrier 2023<\/p>\n\n\n\n<p>La conf\u00e9rence de l\u2019EECOM 2023 s&#8217;est d\u00e9roul\u00e9e en ligne.<\/p>\n\n\n\n<p>Le th\u00e8me de la conf\u00e9rence de l\u2019EECOM 2023 \u00e9tait <strong>\u00ab Passer \u00e0 l&#8217;action gr\u00e2ce \u00e0 l&#8217;apprentissage environnemental et au leadership des jeunes \u00bb<\/strong>. Alors que nous sortons lentement d&#8217;une pand\u00e9mie mondiale, la n\u00e9cessit\u00e9 de trouver des solutions collectives et collaboratives aux syst\u00e8mes complexes qui ont contribu\u00e9 aux in\u00e9galit\u00e9s sociales, aux disparit\u00e9s raciales et aux effets des changements climatiques est plus \u00e9vidente que jamais. Les gros titres qui remplissent nos fils d&#8217;actualit\u00e9 quotidiens soulignent l&#8217;urgence de traiter une myriade de questions environnementales et sociales et de passer \u00e0 une \u00e9conomie verte v\u00e9ritablement \u00e9quitable qui garantira notre avenir collectif. Cela nous incite \u00e0 r\u00e9fl\u00e9chir profond\u00e9ment \u00e0 la mani\u00e8re dont nous pouvons \u00e9quiper, soutenir et autonomiser une g\u00e9n\u00e9ration de jeunes afin qu&#8217;ils puissent embrasser des carri\u00e8res dans divers secteurs qui soutiennent la plan\u00e8te et contribuent \u00e0 un changement syst\u00e9mique.<\/p>\n\n\n\n<p>Cliquez ici pour plus d&#8217;informations sur les intervenants et intervenantes ainsi que le programme.<\/p>\n\n\n\n<p>La conf\u00e9rence de l\u2019EECOM 2023 \u00e9tait pr\u00e9sid\u00e9e par le Projet Gaia (Gaia Project), le Corps de conservation de Terre-Neuve-et-Labrador (Conservation Corps of Newfoundland and Labrador), la Fondation Clean (Clean Foundation) et l\u2019Alliance pour l&#8217;\u00e9ducation au d\u00e9veloppement durable du R\u00e9seau Environnemental du Nouveau-Brunswick.<\/p>\n\n\n\n<p>Les Prix d&#8217;Excellence de l&#8217;EECOM ont \u00e9t\u00e9 remis \u00e0 des \u00e9ducateurs et \u00e9ducatrices m\u00e9ritants de tout le Canada lors de la conf\u00e9rence de l\u2019EECOM 2023. F\u00e9licitations aux laur\u00e9ats et laur\u00e9ates !<\/p>\n","protected":false},"featured_media":1245,"template":"","meta":{"_monsterinsights_skip_tracking":false,"_monsterinsights_sitenote_active":false,"_monsterinsights_sitenote_note":"","_monsterinsights_sitenote_category":0},"event_listing_category":[47],"event_listing_type":[19],"_links":{"self":[{"href":"https:\/\/www.eecom.org\/index.php\/wp-json\/wp\/v2\/event_listing\/1795"}],"collection":[{"href":"https:\/\/www.eecom.org\/index.php\/wp-json\/wp\/v2\/event_listing"}],"about":[{"href":"https:\/\/www.eecom.org\/index.php\/wp-json\/wp\/v2\/types\/event_listing"}],"wp:featuredmedia":[{"embeddable":true,"href":"https:\/\/www.eecom.org\/index.php\/wp-json\/wp\/v2\/media\/1245"}],"wp:attachment":[{"href":"https:\/\/www.eecom.org\/index.php\/wp-json\/wp\/v2\/media?parent=1795"}],"wp:term":[{"taxonomy":"event_listing_category","embeddable":true,"href":"https:\/\/www.eecom.org\/index.php\/wp-json\/wp\/v2\/event_listing_category?post=1795"},{"taxonomy":"event_listing_type","embeddable":true,"href":"https:\/\/www.eecom.org\/index.php\/wp-json\/wp\/v2\/event_listing_type?post=1795"}],"curies":[{"name":"wp","href":"https:\/\/api.w.org\/{rel}","templated":true}]}}