{"id":1799,"date":"2025-10-09T19:17:07","date_gmt":"2025-10-09T19:17:07","guid":{"rendered":"https:\/\/www.eecom.org\/?post_type=event_listing&#038;p=1799"},"modified":"2025-11-21T21:11:50","modified_gmt":"2025-11-21T21:11:50","slug":"conference-de-leecom-2019","status":"publish","type":"event_listing","link":"https:\/\/www.eecom.org\/index.php\/event\/conference-de-leecom-2019\/","title":{"rendered":"Conf\u00e9rence de l\u2019EECOM 2019"},"content":{"rendered":"\n<p><strong>Merci \u00e0 toutes les personnes qui ont contribu\u00e9 au succ\u00e8s de l\u2019\u00e9dition 2019 de la conf\u00e9rence de l\u2019EECOM!<\/strong><\/p>\n\n\n\n<p>10-12 mai 2019<\/p>\n\n\n\n<p>La conf\u00e9rence de l\u2019EECOM 2019 s&#8217;est d\u00e9roul\u00e9e sur les rives de la rivi\u00e8re Saskatchewan Sud, \u00e0 l&#8217;Universit\u00e9 de Saskatchewan, sur le territoire du Trait\u00e9 n\u00b0 6, \u00e0 Saskatoon, au Canada.<\/p>\n\n\n\n<p>Le th\u00e8me de la conf\u00e9rence de l\u2019EECOM 2019 \u00e9tait <strong>\u00ab Agir sur le changement climatique par l&#8217;\u00e9ducation \u00bb<\/strong>, ce qui en a fait la premi\u00e8re conf\u00e9rence nationale sur l&#8217;\u00e9ducation environnementale ax\u00e9e sur l&#8217;\u00e9ducation aux changements climatiques. Notre objectif \u00e9tait d&#8217;accro\u00eetre les mesures prises contre les changements climatiques par l&#8217;\u00e9ducation en r\u00e9unissant la communaut\u00e9 enseignante, le milieu \u00e9tudiant, les personnes qui prennent des d\u00e9cisions politiques, des chercheurs et chercheuses afin de discuter et de collaborer sur ce sujet important et d&#8217;actualit\u00e9.<\/p>\n\n\n\n<p>Quatre sessions parall\u00e8les ont \u00e9t\u00e9 organis\u00e9es, ax\u00e9es sur l&#8217;\u00e9ducation pr\u00e9scolaire et primaire, l&#8217;enseignement sup\u00e9rieur, l&#8217;\u00e9ducation communautaire et l&#8217;\u00e9ducation autochtone. Au programme : pl\u00e9ni\u00e8res, tables rondes, ateliers pratiques, excursions sur le terrain, s\u00e9minaires sur le leadership, etc.<\/p>\n\n\n\n<p>La conf\u00e9rence \u00e9tait coorganis\u00e9e par SaskOutdoors (l\u2019Association pour l&#8217;\u00e9ducation en plein air et l&#8217;\u00e9ducation environnementale de la Saskatchewan), le r\u00e9seau pour la durabilit\u00e9 et la politique \u00e9ducative (Sustainability and Education Policy Network SEPN) et l\u2019institut de recherche sur l&#8217;\u00e9ducation au d\u00e9veloppement durable l&#8217;Universit\u00e9 de Saskatchewan.<\/p>\n","protected":false},"featured_media":1248,"template":"","meta":{"_monsterinsights_skip_tracking":false,"_monsterinsights_sitenote_active":false,"_monsterinsights_sitenote_note":"","_monsterinsights_sitenote_category":0},"event_listing_category":[47],"event_listing_type":[19],"_links":{"self":[{"href":"https:\/\/www.eecom.org\/index.php\/wp-json\/wp\/v2\/event_listing\/1799"}],"collection":[{"href":"https:\/\/www.eecom.org\/index.php\/wp-json\/wp\/v2\/event_listing"}],"about":[{"href":"https:\/\/www.eecom.org\/index.php\/wp-json\/wp\/v2\/types\/event_listing"}],"wp:featuredmedia":[{"embeddable":true,"href":"https:\/\/www.eecom.org\/index.php\/wp-json\/wp\/v2\/media\/1248"}],"wp:attachment":[{"href":"https:\/\/www.eecom.org\/index.php\/wp-json\/wp\/v2\/media?parent=1799"}],"wp:term":[{"taxonomy":"event_listing_category","embeddable":true,"href":"https:\/\/www.eecom.org\/index.php\/wp-json\/wp\/v2\/event_listing_category?post=1799"},{"taxonomy":"event_listing_type","embeddable":true,"href":"https:\/\/www.eecom.org\/index.php\/wp-json\/wp\/v2\/event_listing_type?post=1799"}],"curies":[{"name":"wp","href":"https:\/\/api.w.org\/{rel}","templated":true}]}}